{"id":772,"date":"2021-09-19T13:26:12","date_gmt":"2021-09-19T13:26:12","guid":{"rendered":"https:\/\/39688814.servicio-online.net\/?page_id=772"},"modified":"2022-12-02T17:14:05","modified_gmt":"2022-12-02T17:14:05","slug":"inici-3","status":"publish","type":"page","link":"https:\/\/lesdaines.com\/index.php\/ca\/","title":{"rendered":"Inici"},"content":{"rendered":"\t\t<div data-elementor-type=\"wp-page\" data-elementor-id=\"772\" class=\"elementor elementor-772\">\n\t\t\t\t\t\t<div class=\"elementor-inner\">\n\t\t\t\t<div class=\"elementor-section-wrap\">\n\t\t\t\t\t\t\t\t\t<section class=\"elementor-section elementor-top-section elementor-element elementor-element-63acf6b elementor-section-full_width elementor-section-stretched elementor-section-height-default elementor-section-height-default\" data-id=\"63acf6b\" data-element_type=\"section\" data-settings=\"{&quot;stretch_section&quot;:&quot;section-stretched&quot;}\">\n\t\t\t\t\t\t<div class=\"elementor-container elementor-column-gap-no\">\n\t\t\t\t\t\t\t<div class=\"elementor-row\">\n\t\t\t\t\t<div class=\"elementor-column elementor-col-100 elementor-top-column elementor-element elementor-element-56942bb\" data-id=\"56942bb\" data-element_type=\"column\">\n\t\t\t<div class=\"elementor-column-wrap elementor-element-populated\">\n\t\t\t\t\t\t\t<div class=\"elementor-widget-wrap\">\n\t\t\t\t\t\t<section class=\"elementor-section elementor-inner-section elementor-element elementor-element-7c357cc elementor-section-boxed elementor-section-height-default elementor-section-height-default\" data-id=\"7c357cc\" data-element_type=\"section\">\n\t\t\t\t\t\t<div class=\"elementor-container elementor-column-gap-default\">\n\t\t\t\t\t\t\t<div class=\"elementor-row\">\n\t\t\t\t\t<div class=\"elementor-column elementor-col-100 elementor-inner-column elementor-element elementor-element-8160794\" data-id=\"8160794\" data-element_type=\"column\">\n\t\t\t<div class=\"elementor-column-wrap elementor-element-populated\">\n\t\t\t\t\t\t\t<div class=\"elementor-widget-wrap\">\n\t\t\t\t\t\t<div class=\"elementor-element elementor-element-7a1d374 elementor-widget elementor-widget-text-editor\" data-id=\"7a1d374\" data-element_type=\"widget\" data-widget_type=\"text-editor.default\">\n\t\t\t\t<div class=\"elementor-widget-container\">\n\t\t\t\t\t\t\t\t<div class=\"elementor-text-editor elementor-clearfix\">\n\t\t\t\t<h3 contenteditable=\"true\" spellcheck=\"false\" data-elementor-setting-key=\"title\" data-pen-placeholder=\"Teclea aqu\u00ed...\" data-gramm=\"false\"><span style=\"color: #ff6600;\">\u00ab<em>Alberg Les Daines, nascuts de l&#8217;amor i la passi\u00f3 per la natura<\/em>\u00ab<\/span><\/h3><p><span style=\"color: #000000;\">El nostre objectiu \u00e9s que al nostre alberg es senti com a casa. Per aix\u00f2 li garantim un tracte familiar i un ambient molt acollidor. Disposem d&#8217;habitacions amb diverses capacitats, mai compartides, i amb vistes a la muntanya, on podr\u00e0 descansar. Al nostre bar i restaurant podr\u00e0 recuperar forces despr\u00e9s d&#8217;un dia intens d&#8217;activitats i a la zona chillout, descansar i prendre alguna cosa.<br \/><br \/>Som l&#8217;allotjament ideal per <b>fam\u00edlies, escolars, agrupaments escoltes, esplais, grup de joves i amics, parelles<\/b>, i tamb\u00e9 <b>acollim les vostres mascotes<\/b>!<br \/>Benvinguts!<br \/><br \/><\/span><em>Gina Galceran<\/em><br \/><em>Directora<\/em><span style=\"color: #000000;\"><br \/><\/span><\/p>\t\t\t\t\t<\/div>\n\t\t\t\t\t\t<\/div>\n\t\t\t\t<\/div>\n\t\t\t\t\t\t<\/div>\n\t\t\t\t\t<\/div>\n\t\t<\/div>\n\t\t\t\t\t\t\t\t<\/div>\n\t\t\t\t\t<\/div>\n\t\t<\/section>\n\t\t\t\t\t\t<\/div>\n\t\t\t\t\t<\/div>\n\t\t<\/div>\n\t\t\t\t\t\t\t\t<\/div>\n\t\t\t\t\t<\/div>\n\t\t<\/section>\n\t\t\t\t<section class=\"elementor-section elementor-top-section elementor-element elementor-element-5de1ca7 elementor-section-boxed elementor-section-height-default elementor-section-height-default\" data-id=\"5de1ca7\" data-element_type=\"section\" data-settings=\"{&quot;background_background&quot;:&quot;classic&quot;}\">\n\t\t\t\t\t\t<div class=\"elementor-container elementor-column-gap-default\">\n\t\t\t\t\t\t\t<div class=\"elementor-row\">\n\t\t\t\t\t<div class=\"elementor-column elementor-col-50 elementor-top-column elementor-element elementor-element-800504f\" data-id=\"800504f\" data-element_type=\"column\" data-settings=\"{&quot;background_background&quot;:&quot;classic&quot;}\">\n\t\t\t<div class=\"elementor-column-wrap elementor-element-populated\">\n\t\t\t\t\t\t\t<div class=\"elementor-widget-wrap\">\n\t\t\t\t\t\t<div class=\"elementor-element elementor-element-2fabda5 elementor-widget elementor-widget-heading\" data-id=\"2fabda5\" data-element_type=\"widget\" data-widget_type=\"heading.default\">\n\t\t\t\t<div class=\"elementor-widget-container\">\n\t\t\t<div class=\"elementor-heading-title elementor-size-default\">Ideals per a families<\/div>\t\t<\/div>\n\t\t\t\t<\/div>\n\t\t\t\t<div class=\"elementor-element elementor-element-2fc2be7 elementor-widget elementor-widget-heading\" data-id=\"2fc2be7\" data-element_type=\"widget\" data-widget_type=\"heading.default\">\n\t\t\t\t<div class=\"elementor-widget-container\">\n\t\t\t<h2 class=\"elementor-heading-title elementor-size-default\">habitacions familiars<\/h2>\t\t<\/div>\n\t\t\t\t<\/div>\n\t\t\t\t<div class=\"elementor-element elementor-element-34ba631 elementor-widget elementor-widget-text-editor\" data-id=\"34ba631\" data-element_type=\"widget\" data-widget_type=\"text-editor.default\">\n\t\t\t\t<div class=\"elementor-widget-container\">\n\t\t\t\t\t\t\t\t<div class=\"elementor-text-editor elementor-clearfix\">\n\t\t\t\t<p>Disposem d&#8217;habitacions de 4 i de 5, amb lliteres i llits individuals, i 1 armari. Bany compartit. S&#8217;accepten animals de companyia.<\/p>\t\t\t\t\t<\/div>\n\t\t\t\t\t\t<\/div>\n\t\t\t\t<\/div>\n\t\t\t\t<div class=\"elementor-element elementor-element-8d31dfe elementor-align-center elementor-widget elementor-widget-button\" data-id=\"8d31dfe\" data-element_type=\"widget\" data-widget_type=\"button.default\">\n\t\t\t\t<div class=\"elementor-widget-container\">\n\t\t\t\t\t<div class=\"elementor-button-wrapper\">\n\t\t\t<a href=\"https:\/\/lesdaines.com\/index.php\/ca\/habitacions\/\" target=\"_blank\" class=\"elementor-button-link elementor-button elementor-size-sm\" role=\"button\">\n\t\t\t\t\t\t<span class=\"elementor-button-content-wrapper\">\n\t\t\t\t\t\t\t<span class=\"elementor-button-icon elementor-align-icon-right\">\n\t\t\t\t<i aria-hidden=\"true\" class=\"fas fa-chevron-right\"><\/i>\t\t\t<\/span>\n\t\t\t\t\t\t<span class=\"elementor-button-text\">VEURE HABITACIONS<\/span>\n\t\t<\/span>\n\t\t\t\t\t<\/a>\n\t\t<\/div>\n\t\t\t\t<\/div>\n\t\t\t\t<\/div>\n\t\t\t\t\t\t<\/div>\n\t\t\t\t\t<\/div>\n\t\t<\/div>\n\t\t\t\t<div class=\"elementor-column elementor-col-50 elementor-top-column elementor-element elementor-element-fb5a6b2\" data-id=\"fb5a6b2\" data-element_type=\"column\" data-settings=\"{&quot;background_background&quot;:&quot;classic&quot;}\">\n\t\t\t<div class=\"elementor-column-wrap elementor-element-populated\">\n\t\t\t\t\t\t\t<div class=\"elementor-widget-wrap\">\n\t\t\t\t\t\t<div class=\"elementor-element elementor-element-b7e9435 elementor-widget elementor-widget-heading\" data-id=\"b7e9435\" data-element_type=\"widget\" data-widget_type=\"heading.default\">\n\t\t\t\t<div class=\"elementor-widget-container\">\n\t\t\t<div class=\"elementor-heading-title elementor-size-default\">ideals pER A dos<\/div>\t\t<\/div>\n\t\t\t\t<\/div>\n\t\t\t\t<div class=\"elementor-element elementor-element-4e907a0 elementor-widget elementor-widget-heading\" data-id=\"4e907a0\" data-element_type=\"widget\" data-widget_type=\"heading.default\">\n\t\t\t\t<div class=\"elementor-widget-container\">\n\t\t\t<h2 class=\"elementor-heading-title elementor-size-default\">Habitacions Dobles<\/h2>\t\t<\/div>\n\t\t\t\t<\/div>\n\t\t\t\t<div class=\"elementor-element elementor-element-a901c8a elementor-widget elementor-widget-text-editor\" data-id=\"a901c8a\" data-element_type=\"widget\" data-widget_type=\"text-editor.default\">\n\t\t\t\t<div class=\"elementor-widget-container\">\n\t\t\t\t\t\t\t\t<div class=\"elementor-text-editor elementor-clearfix\">\n\t\t\t\t<p>Amb bany compartit o privat, 2 llits individuals i armari. S&#8217;accepten animals.<br \/><br \/><\/p>\t\t\t\t\t<\/div>\n\t\t\t\t\t\t<\/div>\n\t\t\t\t<\/div>\n\t\t\t\t<div class=\"elementor-element elementor-element-b361697 elementor-align-center elementor-widget elementor-widget-button\" data-id=\"b361697\" data-element_type=\"widget\" data-widget_type=\"button.default\">\n\t\t\t\t<div class=\"elementor-widget-container\">\n\t\t\t\t\t<div class=\"elementor-button-wrapper\">\n\t\t\t<a href=\"https:\/\/lesdaines.com\/index.php\/ca\/habitacions\/\" target=\"_blank\" class=\"elementor-button-link elementor-button elementor-size-sm\" role=\"button\">\n\t\t\t\t\t\t<span class=\"elementor-button-content-wrapper\">\n\t\t\t\t\t\t\t<span class=\"elementor-button-icon elementor-align-icon-right\">\n\t\t\t\t<i aria-hidden=\"true\" class=\"fas fa-chevron-right\"><\/i>\t\t\t<\/span>\n\t\t\t\t\t\t<span class=\"elementor-button-text\">VEURE HABITACIONS<\/span>\n\t\t<\/span>\n\t\t\t\t\t<\/a>\n\t\t<\/div>\n\t\t\t\t<\/div>\n\t\t\t\t<\/div>\n\t\t\t\t\t\t<\/div>\n\t\t\t\t\t<\/div>\n\t\t<\/div>\n\t\t\t\t\t\t\t\t<\/div>\n\t\t\t\t\t<\/div>\n\t\t<\/section>\n\t\t\t\t<section class=\"elementor-section elementor-top-section elementor-element elementor-element-c27818a elementor-section-boxed elementor-section-height-default elementor-section-height-default\" data-id=\"c27818a\" data-element_type=\"section\" data-settings=\"{&quot;background_background&quot;:&quot;classic&quot;}\">\n\t\t\t\t\t\t<div class=\"elementor-container elementor-column-gap-default\">\n\t\t\t\t\t\t\t<div class=\"elementor-row\">\n\t\t\t\t\t<div class=\"elementor-column elementor-col-100 elementor-top-column elementor-element elementor-element-f2f6a78\" data-id=\"f2f6a78\" data-element_type=\"column\" data-settings=\"{&quot;background_background&quot;:&quot;classic&quot;}\">\n\t\t\t<div class=\"elementor-column-wrap elementor-element-populated\">\n\t\t\t\t\t\t\t<div class=\"elementor-widget-wrap\">\n\t\t\t\t\t\t<div class=\"elementor-element elementor-element-b95f3c4 elementor-widget elementor-widget-heading\" data-id=\"b95f3c4\" data-element_type=\"widget\" data-widget_type=\"heading.default\">\n\t\t\t\t<div class=\"elementor-widget-container\">\n\t\t\t<div class=\"elementor-heading-title elementor-size-default\">GAUDEIX DE LA NOSTRA CUINA CASOLANA<\/div>\t\t<\/div>\n\t\t\t\t<\/div>\n\t\t\t\t<div class=\"elementor-element elementor-element-82efb9c elementor-widget elementor-widget-heading\" data-id=\"82efb9c\" data-element_type=\"widget\" data-widget_type=\"heading.default\">\n\t\t\t\t<div class=\"elementor-widget-container\">\n\t\t\t<h2 class=\"elementor-heading-title elementor-size-default\">Bar Restaurant &amp; Zona de descans<\/h2>\t\t<\/div>\n\t\t\t\t<\/div>\n\t\t\t\t<div class=\"elementor-element elementor-element-aa59d44 elementor-widget elementor-widget-text-editor\" data-id=\"aa59d44\" data-element_type=\"widget\" data-widget_type=\"text-editor.default\">\n\t\t\t\t<div class=\"elementor-widget-container\">\n\t\t\t\t\t\t\t\t<div class=\"elementor-text-editor elementor-clearfix\">\n\t\t\t\t<p>Obert a tothom, a clients i a passants. Podr\u00e0s esmorzar, dinar* o sopar, prendre alguna cosa, i fins i tot fer una partida de cartes o d\u00f2mino.<\/p><h5><em>*Estiu amb reserva previa<br \/><\/em><\/h5>\t\t\t\t\t<\/div>\n\t\t\t\t\t\t<\/div>\n\t\t\t\t<\/div>\n\t\t\t\t\t\t<\/div>\n\t\t\t\t\t<\/div>\n\t\t<\/div>\n\t\t\t\t\t\t\t\t<\/div>\n\t\t\t\t\t<\/div>\n\t\t<\/section>\n\t\t\t\t<section class=\"elementor-section elementor-top-section elementor-element elementor-element-88bc968 elementor-section-boxed elementor-section-height-default elementor-section-height-default\" data-id=\"88bc968\" data-element_type=\"section\" data-settings=\"{&quot;background_background&quot;:&quot;classic&quot;}\">\n\t\t\t\t\t\t<div class=\"elementor-container elementor-column-gap-default\">\n\t\t\t\t\t\t\t<div class=\"elementor-row\">\n\t\t\t\t\t<div class=\"elementor-column elementor-col-50 elementor-top-column elementor-element elementor-element-75737d5\" data-id=\"75737d5\" data-element_type=\"column\" data-settings=\"{&quot;background_background&quot;:&quot;classic&quot;}\">\n\t\t\t<div class=\"elementor-column-wrap elementor-element-populated\">\n\t\t\t\t\t\t\t<div class=\"elementor-widget-wrap\">\n\t\t\t\t\t\t<div class=\"elementor-element elementor-element-b0918c5 elementor-widget elementor-widget-heading\" data-id=\"b0918c5\" data-element_type=\"widget\" data-widget_type=\"heading.default\">\n\t\t\t\t<div class=\"elementor-widget-container\">\n\t\t\t<div class=\"elementor-heading-title elementor-size-default\">IDEAL PER APRENDRE A ESQUIAR<\/div>\t\t<\/div>\n\t\t\t\t<\/div>\n\t\t\t\t<div class=\"elementor-element elementor-element-93f26eb elementor-widget elementor-widget-heading\" data-id=\"93f26eb\" data-element_type=\"widget\" data-widget_type=\"heading.default\">\n\t\t\t\t<div class=\"elementor-widget-container\">\n\t\t\t<h2 class=\"elementor-heading-title elementor-size-default\">Escola d'esqu\u00ed i lloguer de material<\/h2>\t\t<\/div>\n\t\t\t\t<\/div>\n\t\t\t\t<div class=\"elementor-element elementor-element-10e5eed elementor-widget elementor-widget-text-editor\" data-id=\"10e5eed\" data-element_type=\"widget\" data-widget_type=\"text-editor.default\">\n\t\t\t\t<div class=\"elementor-widget-container\">\n\t\t\t\t\t\t\t\t<div class=\"elementor-text-editor elementor-clearfix\">\n\t\t\t\t<p>Des de l&#8217;Alberg et podem oferir el servei de lloguer de material i classes a la nostra escola d\u2019Esqu\u00ed.<\/p>\t\t\t\t\t<\/div>\n\t\t\t\t\t\t<\/div>\n\t\t\t\t<\/div>\n\t\t\t\t<div class=\"elementor-element elementor-element-24608a4 elementor-align-center elementor-widget elementor-widget-button\" data-id=\"24608a4\" data-element_type=\"widget\" data-widget_type=\"button.default\">\n\t\t\t\t<div class=\"elementor-widget-container\">\n\t\t\t\t\t<div class=\"elementor-button-wrapper\">\n\t\t\t<a href=\"http:\/\/www.escolaesquibase.com\/ca\/\" target=\"_blank\" class=\"elementor-button-link elementor-button elementor-size-sm\" role=\"button\">\n\t\t\t\t\t\t<span class=\"elementor-button-content-wrapper\">\n\t\t\t\t\t\t\t<span class=\"elementor-button-icon elementor-align-icon-right\">\n\t\t\t\t<i aria-hidden=\"true\" class=\"fas fa-chevron-right\"><\/i>\t\t\t<\/span>\n\t\t\t\t\t\t<span class=\"elementor-button-text\">M\u00e9s informaci\u00f3<\/span>\n\t\t<\/span>\n\t\t\t\t\t<\/a>\n\t\t<\/div>\n\t\t\t\t<\/div>\n\t\t\t\t<\/div>\n\t\t\t\t\t\t<\/div>\n\t\t\t\t\t<\/div>\n\t\t<\/div>\n\t\t\t\t<div class=\"elementor-column elementor-col-50 elementor-top-column elementor-element elementor-element-ac8070c\" data-id=\"ac8070c\" data-element_type=\"column\" data-settings=\"{&quot;background_background&quot;:&quot;classic&quot;}\">\n\t\t\t<div class=\"elementor-column-wrap elementor-element-populated\">\n\t\t\t\t\t\t\t<div class=\"elementor-widget-wrap\">\n\t\t\t\t\t\t<div class=\"elementor-element elementor-element-7b5d87a elementor-widget elementor-widget-heading\" data-id=\"7b5d87a\" data-element_type=\"widget\" data-widget_type=\"heading.default\">\n\t\t\t\t<div class=\"elementor-widget-container\">\n\t\t\t<h2 class=\"elementor-heading-title elementor-size-default\">Espot esqu\u00ed<\/h2>\t\t<\/div>\n\t\t\t\t<\/div>\n\t\t\t\t<div class=\"elementor-element elementor-element-51153a5 elementor-widget elementor-widget-text-editor\" data-id=\"51153a5\" data-element_type=\"widget\" data-widget_type=\"text-editor.default\">\n\t\t\t\t<div class=\"elementor-widget-container\">\n\t\t\t\t\t\t\t\t<div class=\"elementor-text-editor elementor-clearfix\">\n\t\t\t\t<p>Si alguna cosa ens caracteritza i ens defineix \u00e9s que som l&#8217;allotjament m\u00e9s a prop de les pistes d&#8217;esqu\u00ed d&#8217;Espot, no et caldr\u00e0 ni agafar el cotxe per accedir-hi. M\u00e9s de 20 quil\u00f2metres esquiables i m\u00e9s de 1000 metres de desnivell, en un total de 22 pistes de nivells diferents.<\/p>\t\t\t\t\t<\/div>\n\t\t\t\t\t\t<\/div>\n\t\t\t\t<\/div>\n\t\t\t\t<div class=\"elementor-element elementor-element-106d36f elementor-align-center elementor-widget elementor-widget-button\" data-id=\"106d36f\" data-element_type=\"widget\" data-widget_type=\"button.default\">\n\t\t\t\t<div class=\"elementor-widget-container\">\n\t\t\t\t\t<div class=\"elementor-button-wrapper\">\n\t\t\t<a href=\"https:\/\/lesdaines.com\/index.php\/ca\/que-fer\/#esqui\" class=\"elementor-button-link elementor-button elementor-size-sm\" role=\"button\">\n\t\t\t\t\t\t<span class=\"elementor-button-content-wrapper\">\n\t\t\t\t\t\t\t<span class=\"elementor-button-icon elementor-align-icon-right\">\n\t\t\t\t<i aria-hidden=\"true\" class=\"fas fa-chevron-right\"><\/i>\t\t\t<\/span>\n\t\t\t\t\t\t<span class=\"elementor-button-text\">Descobreix m\u00e9s<\/span>\n\t\t<\/span>\n\t\t\t\t\t<\/a>\n\t\t<\/div>\n\t\t\t\t<\/div>\n\t\t\t\t<\/div>\n\t\t\t\t\t\t<\/div>\n\t\t\t\t\t<\/div>\n\t\t<\/div>\n\t\t\t\t\t\t\t\t<\/div>\n\t\t\t\t\t<\/div>\n\t\t<\/section>\n\t\t\t\t<section class=\"elementor-section elementor-top-section elementor-element elementor-element-af07eec elementor-section-full_width elementor-section-height-default elementor-section-height-default\" data-id=\"af07eec\" data-element_type=\"section\">\n\t\t\t\t\t\t<div class=\"elementor-container elementor-column-gap-default\">\n\t\t\t\t\t\t\t<div class=\"elementor-row\">\n\t\t\t\t\t<div class=\"elementor-column elementor-col-100 elementor-top-column elementor-element elementor-element-beab42d\" data-id=\"beab42d\" data-element_type=\"column\">\n\t\t\t<div class=\"elementor-column-wrap elementor-element-populated\">\n\t\t\t\t\t\t\t<div class=\"elementor-widget-wrap\">\n\t\t\t\t\t\t<div class=\"elementor-element elementor-element-86f3911 elementor-widget elementor-widget-heading\" data-id=\"86f3911\" data-element_type=\"widget\" data-widget_type=\"heading.default\">\n\t\t\t\t<div class=\"elementor-widget-container\">\n\t\t\t<h2 class=\"elementor-heading-title elementor-size-default\">ACTIVITATS RECOMANADES<\/h2>\t\t<\/div>\n\t\t\t\t<\/div>\n\t\t\t\t<div class=\"elementor-element elementor-element-3a631d0 elementor-widget elementor-widget-text-editor\" data-id=\"3a631d0\" data-element_type=\"widget\" data-widget_type=\"text-editor.default\">\n\t\t\t\t<div class=\"elementor-widget-container\">\n\t\t\t\t\t\t\t\t<div class=\"elementor-text-editor elementor-clearfix\">\n\t\t\t\t<p>Estem situats al cor de Pirineu, a un quil\u00f2metre i mig de la vila d&#8217;Espot, porta del Parc Nacional d&#8217;Aig\u00fcestortes i Estany de Sant Maurici. Ens trobem en una zona molt privilegiada per les altes possibilitats en activitats d&#8217;oci que tenim a disposici\u00f3. Envoltats de muntanyes, rius, estanys, boscos i pobles encantadors, trobareu una llarga llista de coses per fer i per totes les edats, p\u00fablics i gustos. Us deixem alguns exemples i trobareu m\u00e9s informaci\u00f3 a l&#8217;apartat \u00abQu\u00e8 fer\u00bb.<\/p>\t\t\t\t\t<\/div>\n\t\t\t\t\t\t<\/div>\n\t\t\t\t<\/div>\n\t\t\t\t<section class=\"elementor-section elementor-inner-section elementor-element elementor-element-42b8dd1 elementor-section-full_width elementor-section-height-default elementor-section-height-default\" data-id=\"42b8dd1\" data-element_type=\"section\">\n\t\t\t\t\t\t<div class=\"elementor-container elementor-column-gap-default\">\n\t\t\t\t\t\t\t<div class=\"elementor-row\">\n\t\t\t\t\t<div class=\"elementor-column elementor-col-25 elementor-inner-column elementor-element elementor-element-ea831c6\" data-id=\"ea831c6\" data-element_type=\"column\">\n\t\t\t<div class=\"elementor-column-wrap elementor-element-populated\">\n\t\t\t\t\t\t\t<div class=\"elementor-widget-wrap\">\n\t\t\t\t\t\t<div class=\"elementor-element elementor-element-d2580b1 elementor-position-left elementor-vertical-align-middle elementor-widget elementor-widget-image-box\" data-id=\"d2580b1\" data-element_type=\"widget\" data-widget_type=\"image-box.default\">\n\t\t\t\t<div class=\"elementor-widget-container\">\n\t\t\t<div class=\"elementor-image-box-wrapper\"><figure class=\"elementor-image-box-img\"><img decoding=\"async\" width=\"300\" height=\"225\" src=\"https:\/\/lesdaines.com\/wp-content\/uploads\/2020\/11\/esquiador-300x225.jpg\" class=\"attachment-medium size-medium wp-image-242\" alt=\"\" loading=\"lazy\" \/><\/figure><div class=\"elementor-image-box-content\"><h3 class=\"elementor-image-box-title\">ESQU\u00cd I ESPORTS DE NEU<\/h3><p class=\"elementor-image-box-description\">Situats a 50 metres de l'estaci\u00f3 d'esqu\u00ed d'Espot, una de les estacions m\u00e9s singulars de Pirineu Catal\u00e0. Disposem de servei de lloguer de material i escola d'esqu\u00ed.<\/p><\/div><\/div>\t\t<\/div>\n\t\t\t\t<\/div>\n\t\t\t\t\t\t<\/div>\n\t\t\t\t\t<\/div>\n\t\t<\/div>\n\t\t\t\t<div class=\"elementor-column elementor-col-25 elementor-inner-column elementor-element elementor-element-9928fca\" data-id=\"9928fca\" data-element_type=\"column\">\n\t\t\t<div class=\"elementor-column-wrap elementor-element-populated\">\n\t\t\t\t\t\t\t<div class=\"elementor-widget-wrap\">\n\t\t\t\t\t\t<div class=\"elementor-element elementor-element-6074d12 elementor-position-left elementor-vertical-align-middle elementor-widget elementor-widget-image-box\" data-id=\"6074d12\" data-element_type=\"widget\" data-widget_type=\"image-box.default\">\n\t\t\t\t<div class=\"elementor-widget-container\">\n\t\t\t<div class=\"elementor-image-box-wrapper\"><figure class=\"elementor-image-box-img\"><img decoding=\"async\" width=\"300\" height=\"225\" src=\"https:\/\/lesdaines.com\/wp-content\/uploads\/2020\/11\/rafting2-300x225.jpg\" class=\"attachment-medium size-medium wp-image-243\" alt=\"\" loading=\"lazy\" srcset=\"https:\/\/lesdaines.com\/wp-content\/uploads\/2020\/11\/rafting2-300x225.jpg 300w, https:\/\/lesdaines.com\/wp-content\/uploads\/2020\/11\/rafting2.jpg 400w\" sizes=\"(max-width: 300px) 100vw, 300px\" \/><\/figure><div class=\"elementor-image-box-content\"><h3 class=\"elementor-image-box-title\">ESPORTS D'AVENTURA<\/h3><p class=\"elementor-image-box-description\">El Pallars Sobir\u00e0 \u00e9s altament conegut pel r\u00e0fting i podreu gaudir de les baixades pel riu m\u00e9s emocionants i tamb\u00e9 descens de barrancs, escalada, bicicleta de muntanya, h\u00edpica i circuits amb quad. Demana'ns informaci\u00f3.<\/p><\/div><\/div>\t\t<\/div>\n\t\t\t\t<\/div>\n\t\t\t\t\t\t<\/div>\n\t\t\t\t\t<\/div>\n\t\t<\/div>\n\t\t\t\t<div class=\"elementor-column elementor-col-25 elementor-inner-column elementor-element elementor-element-4ec57e9\" data-id=\"4ec57e9\" data-element_type=\"column\">\n\t\t\t<div class=\"elementor-column-wrap elementor-element-populated\">\n\t\t\t\t\t\t\t<div class=\"elementor-widget-wrap\">\n\t\t\t\t\t\t<div class=\"elementor-element elementor-element-a7fb3ed elementor-position-left elementor-vertical-align-middle elementor-widget elementor-widget-image-box\" data-id=\"a7fb3ed\" data-element_type=\"widget\" data-widget_type=\"image-box.default\">\n\t\t\t\t<div class=\"elementor-widget-container\">\n\t\t\t<div class=\"elementor-image-box-wrapper\"><figure class=\"elementor-image-box-img\"><img decoding=\"async\" width=\"300\" height=\"225\" src=\"https:\/\/lesdaines.com\/wp-content\/uploads\/2020\/11\/btt-300x225.jpg\" class=\"attachment-medium size-medium wp-image-245\" alt=\"\" loading=\"lazy\" srcset=\"https:\/\/lesdaines.com\/wp-content\/uploads\/2020\/11\/btt-300x225.jpg 300w, https:\/\/lesdaines.com\/wp-content\/uploads\/2020\/11\/btt.jpg 400w\" sizes=\"(max-width: 300px) 100vw, 300px\" \/><\/figure><div class=\"elementor-image-box-content\"><h3 class=\"elementor-image-box-title\">EXCURSIONS<\/h3><p class=\"elementor-image-box-description\">A peu, amb bicicleta, amb raquetes o amb tot terreny. Tu decideixes el que s'adapta m\u00e9s al teu estil de vida.<\/p><\/div><\/div>\t\t<\/div>\n\t\t\t\t<\/div>\n\t\t\t\t\t\t<\/div>\n\t\t\t\t\t<\/div>\n\t\t<\/div>\n\t\t\t\t<div class=\"elementor-column elementor-col-25 elementor-inner-column elementor-element elementor-element-596e906\" data-id=\"596e906\" data-element_type=\"column\">\n\t\t\t<div class=\"elementor-column-wrap elementor-element-populated\">\n\t\t\t\t\t\t\t<div class=\"elementor-widget-wrap\">\n\t\t\t\t\t\t<div class=\"elementor-element elementor-element-7a72225 elementor-position-left elementor-vertical-align-middle elementor-widget elementor-widget-image-box\" data-id=\"7a72225\" data-element_type=\"widget\" data-widget_type=\"image-box.default\">\n\t\t\t\t<div class=\"elementor-widget-container\">\n\t\t\t<div class=\"elementor-image-box-wrapper\"><figure class=\"elementor-image-box-img\"><img decoding=\"async\" width=\"300\" height=\"225\" src=\"https:\/\/lesdaines.com\/wp-content\/uploads\/2020\/12\/running-1.jpg\" class=\"attachment-medium size-medium wp-image-347\" alt=\"\" loading=\"lazy\" \/><\/figure><div class=\"elementor-image-box-content\"><h3 class=\"elementor-image-box-title\">RUTES RUNNING &amp; SENDERISME<\/h3><p class=\"elementor-image-box-description\">Pels que els agrada trepitjar fort la muntanya, al voltant trobareu una alt\u00edssima varietat de rutes, per totes les condicions f\u00edsiques. Pregunteu i us informarem.<\/p><\/div><\/div>\t\t<\/div>\n\t\t\t\t<\/div>\n\t\t\t\t\t\t<\/div>\n\t\t\t\t\t<\/div>\n\t\t<\/div>\n\t\t\t\t\t\t\t\t<\/div>\n\t\t\t\t\t<\/div>\n\t\t<\/section>\n\t\t\t\t\t\t<\/div>\n\t\t\t\t\t<\/div>\n\t\t<\/div>\n\t\t\t\t\t\t\t\t<\/div>\n\t\t\t\t\t<\/div>\n\t\t<\/section>\n\t\t\t\t<section class=\"elementor-section elementor-top-section elementor-element elementor-element-36422bc elementor-section-boxed elementor-section-height-default elementor-section-height-default\" data-id=\"36422bc\" data-element_type=\"section\" data-settings=\"{&quot;background_background&quot;:&quot;classic&quot;}\">\n\t\t\t\t\t\t<div class=\"elementor-container elementor-column-gap-default\">\n\t\t\t\t\t\t\t<div class=\"elementor-row\">\n\t\t\t\t\t<div class=\"elementor-column elementor-col-100 elementor-top-column elementor-element elementor-element-6cd50e4\" data-id=\"6cd50e4\" data-element_type=\"column\" data-settings=\"{&quot;background_background&quot;:&quot;classic&quot;}\">\n\t\t\t<div class=\"elementor-column-wrap elementor-element-populated\">\n\t\t\t\t\t\t\t<div class=\"elementor-widget-wrap\">\n\t\t\t\t\t\t<div class=\"elementor-element elementor-element-49efbb0 elementor-widget elementor-widget-heading\" data-id=\"49efbb0\" data-element_type=\"widget\" data-widget_type=\"heading.default\">\n\t\t\t\t<div class=\"elementor-widget-container\">\n\t\t\t<h2 class=\"elementor-heading-title elementor-size-default\">Parc Nacional Aig\u00fcestortes &amp; Estany de Sant Maurici<\/h2>\t\t<\/div>\n\t\t\t\t<\/div>\n\t\t\t\t<div class=\"elementor-element elementor-element-b86428c elementor-widget elementor-widget-text-editor\" data-id=\"b86428c\" data-element_type=\"widget\" data-widget_type=\"text-editor.default\">\n\t\t\t\t<div class=\"elementor-widget-container\">\n\t\t\t\t\t\t\t\t<div class=\"elementor-text-editor elementor-clearfix\">\n\t\t\t\t<p><span style=\"color: #000000;\">L&#8217;\u00fanic parc nacional de Catalunya. Un paisatge espectacular, de gran bellesa i contrastos. Al llac de Sant Maurici podr\u00e0s arribar a peu o en 4 \u00d7 4, que podr\u00e0s agafar el poble d&#8217;Espot a un quil\u00f2metre i mig de l&#8217;Alberg. A partir d&#8217;all\u00ed, t\u2019esperen m\u00e9s de 200 estanys, innumerables rierols i unes vistes de muntanyes, fauna i naturalesa que no et deixaran indiferent.<\/span><\/p>\t\t\t\t\t<\/div>\n\t\t\t\t\t\t<\/div>\n\t\t\t\t<\/div>\n\t\t\t\t<div class=\"elementor-element elementor-element-d66c2a8 elementor-align-center elementor-widget elementor-widget-button\" data-id=\"d66c2a8\" data-element_type=\"widget\" data-widget_type=\"button.default\">\n\t\t\t\t<div class=\"elementor-widget-container\">\n\t\t\t\t\t<div class=\"elementor-button-wrapper\">\n\t\t\t<a href=\"https:\/\/lesdaines.com\/index.php\/ca\/que-fer\/\" class=\"elementor-button-link elementor-button elementor-size-sm\" role=\"button\">\n\t\t\t\t\t\t<span class=\"elementor-button-content-wrapper\">\n\t\t\t\t\t\t\t<span class=\"elementor-button-icon elementor-align-icon-right\">\n\t\t\t\t<i aria-hidden=\"true\" class=\"fas fa-chevron-right\"><\/i>\t\t\t<\/span>\n\t\t\t\t\t\t<span class=\"elementor-button-text\">Descobreix m\u00e9s<\/span>\n\t\t<\/span>\n\t\t\t\t\t<\/a>\n\t\t<\/div>\n\t\t\t\t<\/div>\n\t\t\t\t<\/div>\n\t\t\t\t\t\t<\/div>\n\t\t\t\t\t<\/div>\n\t\t<\/div>\n\t\t\t\t\t\t\t\t<\/div>\n\t\t\t\t\t<\/div>\n\t\t<\/section>\n\t\t\t\t<section class=\"elementor-section elementor-top-section elementor-element elementor-element-5a6c732 elementor-section-boxed elementor-section-height-default elementor-section-height-default\" data-id=\"5a6c732\" data-element_type=\"section\">\n\t\t\t\t\t\t<div class=\"elementor-container elementor-column-gap-default\">\n\t\t\t\t\t\t\t<div class=\"elementor-row\">\n\t\t\t\t\t<div class=\"elementor-column elementor-col-100 elementor-top-column elementor-element elementor-element-a9b0d76\" data-id=\"a9b0d76\" data-element_type=\"column\">\n\t\t\t<div class=\"elementor-column-wrap elementor-element-populated\">\n\t\t\t\t\t\t\t<div class=\"elementor-widget-wrap\">\n\t\t\t\t\t\t<div class=\"elementor-element elementor-element-cbaebc0 elementor-widget elementor-widget-heading\" data-id=\"cbaebc0\" data-element_type=\"widget\" data-widget_type=\"heading.default\">\n\t\t\t\t<div class=\"elementor-widget-container\">\n\t\t\t<h2 class=\"elementor-heading-title elementor-size-default\">CONTACTA'NS ara<\/h2>\t\t<\/div>\n\t\t\t\t<\/div>\n\t\t\t\t<div class=\"elementor-element elementor-element-98f3f25 elementor-widget elementor-widget-text-editor\" data-id=\"98f3f25\" data-element_type=\"widget\" data-widget_type=\"text-editor.default\">\n\t\t\t\t<div class=\"elementor-widget-container\">\n\t\t\t\t\t\t\t\t<div class=\"elementor-text-editor elementor-clearfix\">\n\t\t\t\t<p>Escriu-nos sense comprom\u00eds, t&#8217;ajudarem en tot el que necessitis.<\/p><p>Pla de Berrad\u00e9, s\/n<br \/>Espot 25597 (Lleida)<br \/>+34 973 116 900<br \/><a href=\"mailto:alberg@lesdaines.com\">alberg@lesdaines.com<\/a><\/p><p>\u00a0<\/p>\t\t\t\t\t<\/div>\n\t\t\t\t\t\t<\/div>\n\t\t\t\t<\/div>\n\t\t\t\t\t\t<\/div>\n\t\t\t\t\t<\/div>\n\t\t<\/div>\n\t\t\t\t\t\t\t\t<\/div>\n\t\t\t\t\t<\/div>\n\t\t<\/section>\n\t\t\t\t\t\t\t\t\t<\/div>\n\t\t\t<\/div>\n\t\t\t\t\t<\/div>\n\t\t","protected":false},"excerpt":{"rendered":"<p>\u00abAlberg Les Daines, nascuts de l&#8217;amor i la passi\u00f3 per la natura\u00ab El nostre objectiu \u00e9s que al nostre alberg es senti com a casa. Per aix\u00f2 li garantim un tracte familiar i un ambient molt acollidor. Disposem d&#8217;habitacions amb diverses capacitats, mai compartides, i amb vistes a la muntanya, on podr\u00e0 descansar. Al nostre &hellip; <\/p>\n<p class=\"link-more\"><a href=\"https:\/\/lesdaines.com\/index.php\/ca\/\" class=\"more-link\">Leer m\u00e1s<span class=\"screen-reader-text\"> \u00abInici\u00bb<\/span><\/a><\/p>\n","protected":false},"author":1,"featured_media":0,"parent":0,"menu_order":0,"comment_status":"closed","ping_status":"closed","template":"elementor_header_footer","meta":[],"yoast_head":"<!-- This site is optimized with the Yoast SEO plugin v19.12 - https:\/\/yoast.com\/wordpress\/plugins\/seo\/ -->\n<title>Alberg Les Daines - Web oficial<\/title>\n<meta name=\"description\" content=\"L&#039;alberg Les Daines \u00e9s un allotjament de muntanya situat a peu de pistes de l&#039;estaci\u00f3 d&#039;Espot Esqu\u00ed, a 2km d&#039;Espot.\" \/>\n<meta name=\"robots\" content=\"index, follow, max-snippet:-1, max-image-preview:large, max-video-preview:-1\" \/>\n<link rel=\"canonical\" href=\"https:\/\/lesdaines.com\/index.php\/ca\/\" \/>\n<meta property=\"og:locale\" content=\"es_ES\" \/>\n<meta property=\"og:type\" content=\"article\" \/>\n<meta property=\"og:title\" content=\"Alberg Les Daines - Web oficial\" \/>\n<meta property=\"og:description\" content=\"L&#039;alberg Les Daines \u00e9s un allotjament de muntanya situat a peu de pistes de l&#039;estaci\u00f3 d&#039;Espot Esqu\u00ed, a 2km d&#039;Espot.\" \/>\n<meta property=\"og:url\" content=\"https:\/\/lesdaines.com\/index.php\/ca\/\" \/>\n<meta property=\"article:publisher\" content=\"https:\/\/www.facebook.com\/Alberglesdaines\/\" \/>\n<meta property=\"article:modified_time\" content=\"2022-12-02T17:14:05+00:00\" \/>\n<meta property=\"og:image\" content=\"https:\/\/lesdaines.com\/wp-content\/uploads\/2020\/11\/esquiador-300x225.jpg\" \/>\n<meta name=\"twitter:card\" content=\"summary_large_image\" \/>\n<meta name=\"twitter:label1\" content=\"Tiempo de lectura\" \/>\n\t<meta name=\"twitter:data1\" content=\"4 minutos\" \/>\n<script type=\"application\/ld+json\" class=\"yoast-schema-graph\">{\"@context\":\"https:\/\/schema.org\",\"@graph\":[{\"@type\":\"WebPage\",\"@id\":\"https:\/\/lesdaines.com\/index.php\/ca\/\",\"url\":\"https:\/\/lesdaines.com\/index.php\/ca\/\",\"name\":\"Alberg Les Daines - Web oficial\",\"isPartOf\":{\"@id\":\"https:\/\/lesdaines.com\/#website\"},\"datePublished\":\"2021-09-19T13:26:12+00:00\",\"dateModified\":\"2022-12-02T17:14:05+00:00\",\"description\":\"L'alberg Les Daines \u00e9s un allotjament de muntanya situat a peu de pistes de l'estaci\u00f3 d'Espot Esqu\u00ed, a 2km d'Espot.\",\"breadcrumb\":{\"@id\":\"https:\/\/lesdaines.com\/index.php\/ca\/#breadcrumb\"},\"inLanguage\":\"es\",\"potentialAction\":[{\"@type\":\"ReadAction\",\"target\":[\"https:\/\/lesdaines.com\/index.php\/ca\/\"]}]},{\"@type\":\"BreadcrumbList\",\"@id\":\"https:\/\/lesdaines.com\/index.php\/ca\/#breadcrumb\",\"itemListElement\":[{\"@type\":\"ListItem\",\"position\":1,\"name\":\"Inicio\",\"item\":\"https:\/\/lesdaines.com\/\"},{\"@type\":\"ListItem\",\"position\":2,\"name\":\"Inici\"}]},{\"@type\":\"WebSite\",\"@id\":\"https:\/\/lesdaines.com\/#website\",\"url\":\"https:\/\/lesdaines.com\/\",\"name\":\"Les Daines - Albergue de monta\u00f1a en Espot\",\"description\":\"\",\"publisher\":{\"@id\":\"https:\/\/lesdaines.com\/#organization\"},\"potentialAction\":[{\"@type\":\"SearchAction\",\"target\":{\"@type\":\"EntryPoint\",\"urlTemplate\":\"https:\/\/lesdaines.com\/?s={search_term_string}\"},\"query-input\":\"required name=search_term_string\"}],\"inLanguage\":\"es\"},{\"@type\":\"Organization\",\"@id\":\"https:\/\/lesdaines.com\/#organization\",\"name\":\"Les Daines Albergue\",\"url\":\"https:\/\/lesdaines.com\/\",\"logo\":{\"@type\":\"ImageObject\",\"inLanguage\":\"es\",\"@id\":\"https:\/\/lesdaines.com\/#\/schema\/logo\/image\/\",\"url\":\"https:\/\/lesdaines.com\/wp-content\/uploads\/2020\/11\/logo-daines2.png\",\"contentUrl\":\"https:\/\/lesdaines.com\/wp-content\/uploads\/2020\/11\/logo-daines2.png\",\"width\":133,\"height\":103,\"caption\":\"Les Daines Albergue\"},\"image\":{\"@id\":\"https:\/\/lesdaines.com\/#\/schema\/logo\/image\/\"},\"sameAs\":[\"https:\/\/www.instagram.com\/alberglesdaines\/\",\"https:\/\/www.facebook.com\/Alberglesdaines\/\"]}]}<\/script>\n<!-- \/ Yoast SEO plugin. -->","yoast_head_json":{"title":"Alberg Les Daines - Web oficial","description":"L'alberg Les Daines \u00e9s un allotjament de muntanya situat a peu de pistes de l'estaci\u00f3 d'Espot Esqu\u00ed, a 2km d'Espot.","robots":{"index":"index","follow":"follow","max-snippet":"max-snippet:-1","max-image-preview":"max-image-preview:large","max-video-preview":"max-video-preview:-1"},"canonical":"https:\/\/lesdaines.com\/index.php\/ca\/","og_locale":"es_ES","og_type":"article","og_title":"Alberg Les Daines - Web oficial","og_description":"L'alberg Les Daines \u00e9s un allotjament de muntanya situat a peu de pistes de l'estaci\u00f3 d'Espot Esqu\u00ed, a 2km d'Espot.","og_url":"https:\/\/lesdaines.com\/index.php\/ca\/","article_publisher":"https:\/\/www.facebook.com\/Alberglesdaines\/","article_modified_time":"2022-12-02T17:14:05+00:00","og_image":[{"url":"https:\/\/lesdaines.com\/wp-content\/uploads\/2020\/11\/esquiador-300x225.jpg"}],"twitter_card":"summary_large_image","twitter_misc":{"Tiempo de lectura":"4 minutos"},"schema":{"@context":"https:\/\/schema.org","@graph":[{"@type":"WebPage","@id":"https:\/\/lesdaines.com\/index.php\/ca\/","url":"https:\/\/lesdaines.com\/index.php\/ca\/","name":"Alberg Les Daines - Web oficial","isPartOf":{"@id":"https:\/\/lesdaines.com\/#website"},"datePublished":"2021-09-19T13:26:12+00:00","dateModified":"2022-12-02T17:14:05+00:00","description":"L'alberg Les Daines \u00e9s un allotjament de muntanya situat a peu de pistes de l'estaci\u00f3 d'Espot Esqu\u00ed, a 2km d'Espot.","breadcrumb":{"@id":"https:\/\/lesdaines.com\/index.php\/ca\/#breadcrumb"},"inLanguage":"es","potentialAction":[{"@type":"ReadAction","target":["https:\/\/lesdaines.com\/index.php\/ca\/"]}]},{"@type":"BreadcrumbList","@id":"https:\/\/lesdaines.com\/index.php\/ca\/#breadcrumb","itemListElement":[{"@type":"ListItem","position":1,"name":"Inicio","item":"https:\/\/lesdaines.com\/"},{"@type":"ListItem","position":2,"name":"Inici"}]},{"@type":"WebSite","@id":"https:\/\/lesdaines.com\/#website","url":"https:\/\/lesdaines.com\/","name":"Les Daines - Albergue de monta\u00f1a en Espot","description":"","publisher":{"@id":"https:\/\/lesdaines.com\/#organization"},"potentialAction":[{"@type":"SearchAction","target":{"@type":"EntryPoint","urlTemplate":"https:\/\/lesdaines.com\/?s={search_term_string}"},"query-input":"required name=search_term_string"}],"inLanguage":"es"},{"@type":"Organization","@id":"https:\/\/lesdaines.com\/#organization","name":"Les Daines Albergue","url":"https:\/\/lesdaines.com\/","logo":{"@type":"ImageObject","inLanguage":"es","@id":"https:\/\/lesdaines.com\/#\/schema\/logo\/image\/","url":"https:\/\/lesdaines.com\/wp-content\/uploads\/2020\/11\/logo-daines2.png","contentUrl":"https:\/\/lesdaines.com\/wp-content\/uploads\/2020\/11\/logo-daines2.png","width":133,"height":103,"caption":"Les Daines Albergue"},"image":{"@id":"https:\/\/lesdaines.com\/#\/schema\/logo\/image\/"},"sameAs":["https:\/\/www.instagram.com\/alberglesdaines\/","https:\/\/www.facebook.com\/Alberglesdaines\/"]}]}},"_links":{"self":[{"href":"https:\/\/lesdaines.com\/index.php\/wp-json\/wp\/v2\/pages\/772"}],"collection":[{"href":"https:\/\/lesdaines.com\/index.php\/wp-json\/wp\/v2\/pages"}],"about":[{"href":"https:\/\/lesdaines.com\/index.php\/wp-json\/wp\/v2\/types\/page"}],"author":[{"embeddable":true,"href":"https:\/\/lesdaines.com\/index.php\/wp-json\/wp\/v2\/users\/1"}],"replies":[{"embeddable":true,"href":"https:\/\/lesdaines.com\/index.php\/wp-json\/wp\/v2\/comments?post=772"}],"version-history":[{"count":68,"href":"https:\/\/lesdaines.com\/index.php\/wp-json\/wp\/v2\/pages\/772\/revisions"}],"predecessor-version":[{"id":2178,"href":"https:\/\/lesdaines.com\/index.php\/wp-json\/wp\/v2\/pages\/772\/revisions\/2178"}],"wp:attachment":[{"href":"https:\/\/lesdaines.com\/index.php\/wp-json\/wp\/v2\/media?parent=772"}],"curies":[{"name":"wp","href":"https:\/\/api.w.org\/{rel}","templated":true}]}}